{"id":253870,"date":"2022-01-10T13:53:25","date_gmt":"2022-01-10T12:53:25","guid":{"rendered":"https:\/\/klaudynahebda.pl\/sklep\/?post_type=product&#038;p=253870"},"modified":"2026-04-27T17:50:19","modified_gmt":"2026-04-27T15:50:19","slug":"maslo-dobranocka","status":"publish","type":"product","link":"https:\/\/klaudynahebda.pl\/sklep\/maslo-dobranocka\/","title":{"rendered":"Mas\u0142o DobraNocka (lawenda, kolendra, kardamon)"},"content":{"rendered":"<p>Mas\u0142o DobraNocka to starannie skomponowana mieszanka trzech od\u017cywczych mase\u0142 ro\u015blinnych \u2013 <strong>shea, kakaowego i mango<\/strong>, kt\u00f3re intensywnie piel\u0119gnuj\u0105.<\/p>\n<p>Wyj\u0105tkowy sk\u0142ad zosta\u0142 wzbogacony o <strong>macerat z dziurawca<\/strong>\u00a0oraz <strong>olej migda\u0142owy.<\/strong><\/p>\n<p>Delikatny, ro\u015blinny zapach mas\u0142a DobraNocka to zas\u0142uga <strong>naturalnych olejk\u00f3w eterycznych<\/strong>:<\/p>\n<ul>\n<li><strong>Lawenda<\/strong> \u2013 znana ze swojego relaksuj\u0105cego aromatu,<\/li>\n<li><strong>Kolendra<\/strong> \u2013 o ciep\u0142ej, zio\u0142owej nucie,<\/li>\n<li><strong>Kardamon<\/strong> \u2013 subtelnie pikantny, dodaj\u0105cy g\u0142\u0119bi,<\/li>\n<li><strong>Pomara\u0144cza<\/strong> \u2013 wnosz\u0105ca s\u0142odk\u0105, cytrusow\u0105 \u015bwie\u017co\u015b\u0107.<\/li>\n<\/ul>\n<h2><strong>Wieczorny rytua\u0142 z mas\u0142em DobraNocka<\/strong><\/h2>\n<ul>\n<li><strong>Krok 1 &#8211; <span class=\"TextRun SCXW206766967 BCX8\" lang=\"PL-PL\" xml:lang=\"PL-PL\" data-contrast=\"auto\"><span class=\"NormalTextRun SCXW206766967 BCX8\">K\u0105piel pe\u0142na spokoju: <\/span><\/span><\/strong>przygotuj k\u0105piel z sol\u0105 Dobranocka lub <a href=\"https:\/\/klaudynahebda.pl\/sklep\/koncentrat-do-kapieli-dobranocka-100-200-ml\/\"><strong>Koncentratem DobraNocka<\/strong><\/a>,<\/li>\n<li><strong>Krok 2 &#8211; <span class=\"TextRun SCXW143392982 BCX8\" lang=\"PL-PL\" xml:lang=\"PL-PL\" data-contrast=\"auto\"><span class=\"NormalTextRun SCXW143392982 BCX8\">Czu\u0142y masa\u017c na dobry wiecz\u00f3r<\/span><\/span><\/strong>: posmaruj maluszka <strong>Mas\u0142em DobraNocka<\/strong> lub <strong><a href=\"https:\/\/klaudynahebda.pl\/sklep\/dobra-nocka\/\">Balsamem DobraNocka.<\/a><\/strong><\/li>\n<li><strong>Krok 3 &#8211; <span class=\"TextRun SCXW8556441 BCX8\" lang=\"PL-PL\" xml:lang=\"PL-PL\" data-contrast=\"auto\"><span class=\"NormalTextRun SCXW8556441 BCX8\">Zapach <\/span><span class=\"NormalTextRun SCXW8556441 BCX8\">relaksu <\/span><span class=\"NormalTextRun SCXW8556441 BCX8\">w ca\u0142ym pokoju<\/span><\/span><\/strong>: dyfuzja z <a href=\"https:\/\/klaudynahebda.pl\/sklep\/mieszanka-dobranocka\/\"><strong>Mieszank\u0105 olejk\u00f3w eterycznych DobraNocka<\/strong><\/a>. Niech to b\u0119dzie Wasz domowy spos\u00f3b na dobry sen.<\/li>\n<\/ul>\n<p><strong>Sprawd\u017a inne produkty z tej serii<\/strong>, kt\u00f3re pomog\u0105 Twojemu dziecku wyciszy\u0107 si\u0119 i zrelaksowa\u0107:<\/p>\n<ul>\n<li><strong><a href=\"https:\/\/klaudynahebda.pl\/sklep\/dobra-nocka\/\">Balsam DobraNocka<\/a><\/strong><\/li>\n<li><strong><a href=\"https:\/\/klaudynahebda.pl\/sklep\/mieszanka-dobranocka\/\">Mieszanka DobraNocka \u2013 mieszanka 100% olejk\u00f3w eterycznych<\/a>, <\/strong><\/li>\n<li><strong><a href=\"https:\/\/klaudynahebda.pl\/sklep\/koncentrat-do-kapieli-dobranocka-100-200-ml\/\">Koncentrat do k\u0105pieli DobraNocka<\/a>, <\/strong><\/li>\n<li><strong><a href=\"https:\/\/klaudynahebda.pl\/sklep\/sol-do-kapieli-dobranocka\/\">S\u00f3l do k\u0105pieli dla dzieci DobraNocka<\/a>, <\/strong><\/li>\n<li><strong><a href=\"https:\/\/klaudynahebda.pl\/sklep\/spray-dobra-nocka\/\">Spray DobraNocka<\/a>,<\/strong><\/li>\n<\/ul>\n<p><strong>Poznaj tak\u017ce nasz zestaw produkt\u00f3w DobraNocka<\/strong>, kt\u00f3ry mo\u017cesz kupi\u0107 z rabatem:<\/p>\n<ul>\n<li><strong><a href=\"https:\/\/klaudynahebda.pl\/sklep\/dobry-sen-dla-dziecka\/\">Zestaw DobraNocka z naklejkami GRATIS &#8211; Klaudyna Hebda Nature<\/a><\/strong><\/li>\n<li><strong><a href=\"https:\/\/klaudynahebda.pl\/sklep\/zestaw-balsamow\/\">Zestaw bestsellerowych balsam\u00f3w K.HEBDA Lekki Oddech i DobraNocka<\/a><\/strong><\/li>\n<\/ul>\n<div class=\"row row-collapse align-middle\"  id=\"row-12983547\"> \n\t<div id=\"col-78185442\" class=\"col small-10 large-12\"  >\n\t\t\t\t<div class=\"col-inner\"  >\n\t\t\t\n\t\t\t <h3 class=\"accordion_title\">Najcz\u0119\u015bciej zadawane pytania<\/h3><div class=\"accordion\" rel=\"1\"><\/div>\n<div class=\"accordion-item\"><a href=\"#\" class=\"accordion-title plain\"><button class=\"toggle\"><i class=\"icon-angle-down\"><\/i><\/button><span>Czy Mas\u0142o DobraNocka mog\u0119 stosowa\u0107 u dzieci?<\/span><\/a><div class=\"accordion-inner\">\n<p>Tak, Mas\u0142o DobraNocka stworzyli\u015bmy z my\u015bl\u0105 o piel\u0119gnacji sk\u00f3ry &#8211; zar\u00f3wno doros\u0142ych, jak i dzieci powy\u017cej 3. roku \u017cycia. Jest tak\u017ce testowane dermatologicznie. Zawiera sk\u0142adniki pochodzenia naturalnego, a jego zapach delikatnie otula przed snem, wspieraj\u0105c wieczorne wyciszenie.<\/p>\n<p>Dla m\u0142odszych dzieci polecamy inne produkty z serii DobraNocka, np. <strong><a href=\"https:\/\/klaudynahebda.pl\/sklep\/dobra-nocka\/\">Balsam DobraNocka<\/a><\/strong>, kt\u00f3ry mo\u017ce by\u0107 stosowany ju\u017c pow. 6. miesi\u0105ca \u017cycia lub <strong><a href=\"https:\/\/klaudynahebda.pl\/sklep\/koncentrat-do-kapieli-dobranocka-100-200-ml\/\">Koncentrat do k\u0105pieli DobraNocka<\/a><\/strong>, kt\u00f3ry mo\u017ce by\u0107 stosowany pow. 1. roku \u017cycia.<\/p>\n<\/div><\/div>\n<div class=\"accordion-item\"><a href=\"#\" class=\"accordion-title plain\"><button class=\"toggle\"><i class=\"icon-angle-down\"><\/i><\/button><span>Jak u\u017cywa\u0107 Mas\u0142a DobraNocka?<\/span><\/a><div class=\"accordion-inner\">\n<p>Mas\u0142o DobraNocka to produkt wielofunkcyjny \u2013 mo\u017cesz stosowa\u0107 je na ca\u0142e cia\u0142o, d\u0142onie, \u0142okcie, stopy czy inne miejsca nara\u017cone na przesuszenie. Doskonale sprawdza si\u0119 jako element wieczornej piel\u0119gnacji, tu\u017c przed snem. <\/div><\/div>\n<div class=\"accordion-item\"><a href=\"#\" class=\"accordion-title plain\"><button class=\"toggle\"><i class=\"icon-angle-down\"><\/i><\/button><span>Czy mas\u0142o zostawia t\u0142usty film na sk\u00f3rze?<\/span><\/a><div class=\"accordion-inner\">\n<p>Mas\u0142o DobraNocka ma bogat\u0105, od\u017cywcz\u0105 konsystencj\u0119, ale \u0142atwo si\u0119 rozprowadza i dobrze wch\u0142ania. Wystarczy niewielka ilo\u015b\u0107, by od\u017cywi\u0107 sk\u00f3r\u0119 i pozostawi\u0107 j\u0105 mi\u0119kk\u0105, bez uczucia lepko\u015bci. <\/div><\/div>\n<div class=\"accordion-item\"><a href=\"#\" class=\"accordion-title plain\"><button class=\"toggle\"><i class=\"icon-angle-down\"><\/i><\/button><span>Jak pachnie Mas\u0142o DobraNocka?<\/span><\/a><div class=\"accordion-inner\">\n<p>To otulaj\u0105cy, zio\u0142owo-cytrusowy zapach: znajdziesz tu relaksuj\u0105c\u0105 lawend\u0119, zio\u0142ow\u0105 kolendr\u0119, ciep\u0142y kardamon oraz \u015bwie\u017c\u0105 s\u0142odk\u0105 pomara\u0144cz\u0119. Ca\u0142o\u015b\u0107 tworzy koj\u0105c\u0105 kompozycj\u0119 idealn\u0105 na zako\u0144czenie dnia. <\/div><\/div>\n<div class=\"accordion-item\"><a href=\"#\" class=\"accordion-title plain\"><button class=\"toggle\"><i class=\"icon-angle-down\"><\/i><\/button><span>Czy Mas\u0142o DobraNocka pachnie intensywnie?<\/span><\/a><div class=\"accordion-inner\"> Nie \u2013 jego zapach jest delikatny i naturalny. Subtelnie otula, ale nie dominuje \u2013 idealnie wpisuje si\u0119 w wieczorn\u0105 atmosfer\u0119 relaksu i wyciszenia. <\/div><\/div>\n<div class=\"accordion-item\"><a href=\"#\" class=\"accordion-title plain\"><button class=\"toggle\"><i class=\"icon-angle-down\"><\/i><\/button><span>Jak wzmocni\u0107 dzia\u0142anie Mas\u0142a DobraNocka?<\/span><\/a><div class=\"accordion-inner\">\n<p>U\u017cyj tak\u017ce pozosta\u0142ych produkt\u00f3w z tej serii i stw\u00f3rz sw\u00f3j wieczorny rytua\u0142:<\/p>\n<ul>\n<li><strong>Krok 1 &#8211; <span class=\"TextRun SCXW206766967 BCX8\" lang=\"PL-PL\" xml:lang=\"PL-PL\" data-contrast=\"auto\"><span class=\"NormalTextRun SCXW206766967 BCX8\">K\u0105piel pe\u0142na spokoju: <\/span><\/span><\/strong>przygotuj k\u0105piel z <strong><a href=\"https:\/\/klaudynahebda.pl\/sklep\/sol-do-kapieli-dobranocka\/\">sol\u0105 Dobranock<\/a><\/strong>a lub <a href=\"https:\/\/klaudynahebda.pl\/sklep\/koncentrat-do-kapieli-dobranocka-100-200-ml\/\"><strong>Koncentratem DobraNocka<\/strong><\/a>,<\/li>\n<li><strong>Krok 2 &#8211; <\/strong><strong><span class=\"TextRun SCXW143392982 BCX8\" lang=\"PL-PL\" xml:lang=\"PL-PL\" data-contrast=\"auto\"><span class=\"NormalTextRun SCXW143392982 BCX8\">Czu\u0142y masa\u017c na dobry wiecz\u00f3r<\/span><\/span><\/strong>: posmaruj maluszka <strong>Mas\u0142em DobraNocka<\/strong> lub <strong><a href=\"https:\/\/klaudynahebda.pl\/sklep\/dobra-nocka\/\">Balsamem DobraNocka.<\/a><\/strong><\/li>\n<li><strong>Krok 3 &#8211; <span class=\"TextRun SCXW8556441 BCX8\" lang=\"PL-PL\" xml:lang=\"PL-PL\" data-contrast=\"auto\"><span class=\"NormalTextRun SCXW8556441 BCX8\">Zapach <\/span><span class=\"NormalTextRun SCXW8556441 BCX8\">relaksu <\/span><span class=\"NormalTextRun SCXW8556441 BCX8\">w ca\u0142ym pokoju<\/span><\/span><\/strong>: dyfuzja z <a href=\"https:\/\/klaudynahebda.pl\/sklep\/mieszanka-dobranocka\/\"><strong>Mieszank\u0105 olejk\u00f3w eterycznych DobraNocka<\/strong><\/a>. Niech to b\u0119dzie Wasz domowy spos\u00f3b na dobry sen.<\/li>\n<\/ul>\n<p><strong>Poznaj tak\u017ce nasze zestawy produkt\u00f3w DobraNocka<\/strong>, kt\u00f3re mo\u017cesz kupi\u0107 z rabatem:<\/p>\n<ul>\n<li><a href=\"https:\/\/klaudynahebda.pl\/sklep\/dobry-sen-dla-dziecka\/\"><strong>Zestaw DobraNocka z naklejkami GRATIS<\/strong><\/a><\/li>\n<li><strong><a href=\"https:\/\/klaudynahebda.pl\/sklep\/zestaw-balsamow\/\">Zestaw dw\u00f3ch bestsellerowych balsam\u00f3w K. HEBDA &#8211; Balsam Lekki Oddech i Balsam DobraNocka<\/a><\/strong><\/li>\n<\/ul>\n<\/div><\/div>\n<div class=\"accordion-item\"><a href=\"#\" class=\"accordion-title plain\"><button class=\"toggle\"><i class=\"icon-angle-down\"><\/i><\/button><span>Jakie inne produkty wchodz\u0105 w sk\u0142ad serii DobraNocka?<\/span><\/a><div class=\"accordion-inner\">\n<p>W serii DobraNocka znajdziesz tak\u017ce:<\/p>\n<ul>\n<li><a href=\"https:\/\/klaudynahebda.pl\/sklep\/dobra-nocka\/\"><strong>Balsam DobraNocka<\/strong><\/a><\/li>\n<li><strong><a href=\"https:\/\/klaudynahebda.pl\/sklep\/mieszanka-dobranocka\/\">Mieszanka DobraNocka \u2013 mieszanka 100% olejk\u00f3w eterycznych<\/a>,<\/strong><\/li>\n<li><strong><a href=\"https:\/\/klaudynahebda.pl\/sklep\/koncentrat-do-kapieli-dobranocka-100-200-ml\/\">Koncentrat do k\u0105pieli DobraNocka<\/a>,<\/strong><\/li>\n<li><strong><a href=\"https:\/\/klaudynahebda.pl\/sklep\/sol-do-kapieli-dobranocka\/\">S\u00f3l do k\u0105pieli dla dzieci DobraNocka<\/a>,<\/strong><\/li>\n<li><strong><a href=\"https:\/\/klaudynahebda.pl\/sklep\/spray-dobra-nocka\/\">Spray DobraNocka<\/a>,<\/strong><\/li>\n<\/ul>\n<p><strong>Poznaj tak\u017ce nasz zestaw produkt\u00f3w DobraNocka<\/strong>, kt\u00f3ry mo\u017cesz kupi\u0107 w dobrej cenie:<\/p>\n<ul>\n<li><a href=\"https:\/\/klaudynahebda.pl\/sklep\/dobry-sen-dla-dziecka\/\"><strong>Zestaw DobraNocka z naklejkami GRATIS<\/strong><\/a><\/li>\n<li><strong><a href=\"https:\/\/klaudynahebda.pl\/sklep\/zestaw-balsamow\/\">Zestaw dw\u00f3ch bestsellerowych balsam\u00f3w K. HEBDA &#8211; Balsam Lekki Oddech i Balsam DobraNocka<\/a><\/strong><\/li>\n<\/ul>\n<\/div><\/div>\n\t<div id=\"gap-2081656369\" class=\"gap-element clearfix\" style=\"display:block; height:auto;\">\n\t\t\n<style>\n#gap-2081656369 {\n  padding-top: 20px;\n}\n<\/style>\n\t<\/div>\n\t \t\t<\/div>\n\t\t\t\t\t<\/div>\n\n\t \n<style>\n#row-12983547 > .col > .col-inner {\n  padding: 35px 0px 20px 0px;\n}\n<\/style>\n<\/div>\n","protected":false},"excerpt":{"rendered":"<h2>Mas\u0142o do cia\u0142a DobraNocka to:<\/h2>\n<ul>\n<li>od\u017cywcze mase\u0142ko do piel\u0119gnacji sk\u00f3ry, kt\u00f3re \u0142\u0105czy w sobie bogactwo mase\u0142 ro\u015blinnych i aromaterapeutyczne w\u0142a\u015bciwo\u015bci olejk\u00f3w eterycznych.<\/li>\n<li><strong>bogata formu\u0142a:<\/strong> zawiera <strong>mas\u0142o shea, kakaowe i mango<\/strong>, kt\u00f3re pomagaj\u0105 utrzyma\u0107 sk\u00f3r\u0119 mi\u0119kk\u0105 i nawil\u017con\u0105.<\/li>\n<li><strong>otulaj\u0105cy zapach:<\/strong> naturalne <strong>olejki eteryczne z lawendy, kolendry, kardamonu i s\u0142odkiej pomara\u0144czy<\/strong> tworz\u0105 przyjemn\u0105 atmosfer\u0119 podczas piel\u0119gnacji.<\/li>\n<li><strong>wielofunkcyjne zastosowanie:<\/strong> idealne do wieczornej piel\u0119gnacji sk\u00f3ry ca\u0142ego cia\u0142a, d\u0142oni i miejsc szczeg\u00f3lnie nara\u017conych na przesuszenie.<\/li>\n<li>doskona\u0142y wyb\u00f3r na zako\u0144czenie dnia \u2013 <strong>otuli Ci\u0119 relaksuj\u0105cym zapachem i pozwoli cieszy\u0107 si\u0119 chwil\u0105 piel\u0119gnacyjnego odpr\u0119\u017cenia.<\/strong><\/li>\n<\/ul>\n<p style=\"text-align: left;\">\n","protected":false},"featured_media":3209681,"comment_status":"open","ping_status":"closed","template":"","meta":[],"product_cat":[130,47,123,135],"product_tag":[],"acf":[],"yoast_head":"<!-- This site is optimized with the Yoast SEO plugin v19.6.1 - https:\/\/yoast.com\/wordpress\/plugins\/seo\/ -->\n<title>Mas\u0142o DobraNocka (lawenda, kolendra, kardamon) - Klaudyna Hebda Nature<\/title>\n<meta name=\"description\" content=\"Naturalne mas\u0142o do cia\u0142a z olejkiem lawendowym, pomara\u0144czowym i kolendrowym. Ukoi Twoj\u0105 sk\u00f3r\u0119 i przyjemnie otuli! :)\" \/>\n<meta name=\"robots\" content=\"index, follow, max-snippet:-1, max-image-preview:large, max-video-preview:-1\" \/>\n<link rel=\"canonical\" href=\"https:\/\/klaudynahebda.pl\/sklep\/maslo-dobranocka\/\" \/>\n<meta property=\"og:locale\" content=\"pl_PL\" \/>\n<meta property=\"og:type\" content=\"article\" \/>\n<meta property=\"og:title\" content=\"Mas\u0142o DobraNocka (lawenda, kolendra, kardamon) - Klaudyna Hebda Nature\" \/>\n<meta property=\"og:description\" content=\"Naturalne mas\u0142o do cia\u0142a z olejkiem lawendowym, pomara\u0144czowym i kolendrowym. Ukoi Twoj\u0105 sk\u00f3r\u0119 i przyjemnie otuli! :)\" \/>\n<meta property=\"og:url\" content=\"https:\/\/klaudynahebda.pl\/sklep\/maslo-dobranocka\/\" \/>\n<meta property=\"og:site_name\" content=\"Klaudyna Hebda Nature\" \/>\n<meta property=\"article:modified_time\" content=\"2026-04-27T15:50:19+00:00\" \/>\n<meta property=\"og:image\" content=\"https:\/\/klaudynahebda.pl\/sklep\/wp-content\/uploads\/2022\/01\/4.jpg\" \/>\n\t<meta property=\"og:image:width\" content=\"1020\" \/>\n\t<meta property=\"og:image:height\" content=\"1530\" \/>\n\t<meta property=\"og:image:type\" content=\"image\/jpeg\" \/>\n<meta name=\"twitter:card\" content=\"summary_large_image\" \/>\n<meta name=\"twitter:label1\" content=\"Szacowany czas czytania\" \/>\n\t<meta name=\"twitter:data1\" content=\"4 minuty\" \/>\n<script type=\"application\/ld+json\" class=\"yoast-schema-graph\">{\"@context\":\"https:\/\/schema.org\",\"@graph\":[{\"@type\":\"WebPage\",\"@id\":\"https:\/\/klaudynahebda.pl\/sklep\/maslo-dobranocka\/\",\"url\":\"https:\/\/klaudynahebda.pl\/sklep\/maslo-dobranocka\/\",\"name\":\"Mas\u0142o DobraNocka (lawenda, kolendra, kardamon) - Klaudyna Hebda Nature\",\"isPartOf\":{\"@id\":\"https:\/\/klaudynahebda.pl\/sklep\/#website\"},\"datePublished\":\"2022-01-10T12:53:25+00:00\",\"dateModified\":\"2026-04-27T15:50:19+00:00\",\"description\":\"Naturalne mas\u0142o do cia\u0142a z olejkiem lawendowym, pomara\u0144czowym i kolendrowym. Ukoi Twoj\u0105 sk\u00f3r\u0119 i przyjemnie otuli! :)\",\"breadcrumb\":{\"@id\":\"https:\/\/klaudynahebda.pl\/sklep\/maslo-dobranocka\/#breadcrumb\"},\"inLanguage\":\"pl-PL\",\"potentialAction\":[{\"@type\":\"ReadAction\",\"target\":[\"https:\/\/klaudynahebda.pl\/sklep\/maslo-dobranocka\/\"]}]},{\"@type\":\"BreadcrumbList\",\"@id\":\"https:\/\/klaudynahebda.pl\/sklep\/maslo-dobranocka\/#breadcrumb\",\"itemListElement\":[{\"@type\":\"ListItem\",\"position\":1,\"name\":\"Strona g\u0142\u00f3wna\",\"item\":\"https:\/\/klaudynahebda.pl\/sklep\/\"},{\"@type\":\"ListItem\",\"position\":2,\"name\":\"Sklep\",\"item\":\"https:\/\/klaudynahebda.pl\/sklep\/sklep\/\"},{\"@type\":\"ListItem\",\"position\":3,\"name\":\"Kosmetyki naturalne\",\"item\":\"https:\/\/klaudynahebda.pl\/sklep\/kosmetyki-naturalne\/\"},{\"@type\":\"ListItem\",\"position\":4,\"name\":\"Mas\u0142o DobraNocka (lawenda, kolendra, kardamon)\"}]},{\"@type\":\"WebSite\",\"@id\":\"https:\/\/klaudynahebda.pl\/sklep\/#website\",\"url\":\"https:\/\/klaudynahebda.pl\/sklep\/\",\"name\":\"Klaudyna Hebda Nature\",\"description\":\"Sklep\",\"publisher\":{\"@id\":\"https:\/\/klaudynahebda.pl\/sklep\/#organization\"},\"potentialAction\":[{\"@type\":\"SearchAction\",\"target\":{\"@type\":\"EntryPoint\",\"urlTemplate\":\"https:\/\/klaudynahebda.pl\/sklep\/?s={search_term_string}\"},\"query-input\":\"required name=search_term_string\"}],\"inLanguage\":\"pl-PL\"},{\"@type\":\"Organization\",\"@id\":\"https:\/\/klaudynahebda.pl\/sklep\/#organization\",\"name\":\"KlaudynaHebda\",\"url\":\"https:\/\/klaudynahebda.pl\/sklep\/\",\"sameAs\":[],\"logo\":{\"@type\":\"ImageObject\",\"inLanguage\":\"pl-PL\",\"@id\":\"https:\/\/klaudynahebda.pl\/sklep\/#\/schema\/logo\/image\/\",\"url\":\"\",\"contentUrl\":\"\",\"caption\":\"KlaudynaHebda\"},\"image\":{\"@id\":\"https:\/\/klaudynahebda.pl\/sklep\/#\/schema\/logo\/image\/\"}}]}<\/script>\n<!-- \/ Yoast SEO plugin. -->","yoast_head_json":{"title":"Mas\u0142o DobraNocka (lawenda, kolendra, kardamon) - Klaudyna Hebda Nature","description":"Naturalne mas\u0142o do cia\u0142a z olejkiem lawendowym, pomara\u0144czowym i kolendrowym. Ukoi Twoj\u0105 sk\u00f3r\u0119 i przyjemnie otuli! :)","robots":{"index":"index","follow":"follow","max-snippet":"max-snippet:-1","max-image-preview":"max-image-preview:large","max-video-preview":"max-video-preview:-1"},"canonical":"https:\/\/klaudynahebda.pl\/sklep\/maslo-dobranocka\/","og_locale":"pl_PL","og_type":"article","og_title":"Mas\u0142o DobraNocka (lawenda, kolendra, kardamon) - Klaudyna Hebda Nature","og_description":"Naturalne mas\u0142o do cia\u0142a z olejkiem lawendowym, pomara\u0144czowym i kolendrowym. Ukoi Twoj\u0105 sk\u00f3r\u0119 i przyjemnie otuli! :)","og_url":"https:\/\/klaudynahebda.pl\/sklep\/maslo-dobranocka\/","og_site_name":"Klaudyna Hebda Nature","article_modified_time":"2026-04-27T15:50:19+00:00","og_image":[{"width":1020,"height":1530,"url":"https:\/\/klaudynahebda.pl\/sklep\/wp-content\/uploads\/2022\/01\/4.jpg","type":"image\/jpeg"}],"twitter_card":"summary_large_image","twitter_misc":{"Szacowany czas czytania":"4 minuty"},"schema":{"@context":"https:\/\/schema.org","@graph":[{"@type":"WebPage","@id":"https:\/\/klaudynahebda.pl\/sklep\/maslo-dobranocka\/","url":"https:\/\/klaudynahebda.pl\/sklep\/maslo-dobranocka\/","name":"Mas\u0142o DobraNocka (lawenda, kolendra, kardamon) - Klaudyna Hebda Nature","isPartOf":{"@id":"https:\/\/klaudynahebda.pl\/sklep\/#website"},"datePublished":"2022-01-10T12:53:25+00:00","dateModified":"2026-04-27T15:50:19+00:00","description":"Naturalne mas\u0142o do cia\u0142a z olejkiem lawendowym, pomara\u0144czowym i kolendrowym. Ukoi Twoj\u0105 sk\u00f3r\u0119 i przyjemnie otuli! :)","breadcrumb":{"@id":"https:\/\/klaudynahebda.pl\/sklep\/maslo-dobranocka\/#breadcrumb"},"inLanguage":"pl-PL","potentialAction":[{"@type":"ReadAction","target":["https:\/\/klaudynahebda.pl\/sklep\/maslo-dobranocka\/"]}]},{"@type":"BreadcrumbList","@id":"https:\/\/klaudynahebda.pl\/sklep\/maslo-dobranocka\/#breadcrumb","itemListElement":[{"@type":"ListItem","position":1,"name":"Strona g\u0142\u00f3wna","item":"https:\/\/klaudynahebda.pl\/sklep\/"},{"@type":"ListItem","position":2,"name":"Sklep","item":"https:\/\/klaudynahebda.pl\/sklep\/sklep\/"},{"@type":"ListItem","position":3,"name":"Kosmetyki naturalne","item":"https:\/\/klaudynahebda.pl\/sklep\/kosmetyki-naturalne\/"},{"@type":"ListItem","position":4,"name":"Mas\u0142o DobraNocka (lawenda, kolendra, kardamon)"}]},{"@type":"WebSite","@id":"https:\/\/klaudynahebda.pl\/sklep\/#website","url":"https:\/\/klaudynahebda.pl\/sklep\/","name":"Klaudyna Hebda Nature","description":"Sklep","publisher":{"@id":"https:\/\/klaudynahebda.pl\/sklep\/#organization"},"potentialAction":[{"@type":"SearchAction","target":{"@type":"EntryPoint","urlTemplate":"https:\/\/klaudynahebda.pl\/sklep\/?s={search_term_string}"},"query-input":"required name=search_term_string"}],"inLanguage":"pl-PL"},{"@type":"Organization","@id":"https:\/\/klaudynahebda.pl\/sklep\/#organization","name":"KlaudynaHebda","url":"https:\/\/klaudynahebda.pl\/sklep\/","sameAs":[],"logo":{"@type":"ImageObject","inLanguage":"pl-PL","@id":"https:\/\/klaudynahebda.pl\/sklep\/#\/schema\/logo\/image\/","url":"","contentUrl":"","caption":"KlaudynaHebda"},"image":{"@id":"https:\/\/klaudynahebda.pl\/sklep\/#\/schema\/logo\/image\/"}}]}},"_links":{"self":[{"href":"https:\/\/klaudynahebda.pl\/sklep\/wp-json\/wp\/v2\/product\/253870"}],"collection":[{"href":"https:\/\/klaudynahebda.pl\/sklep\/wp-json\/wp\/v2\/product"}],"about":[{"href":"https:\/\/klaudynahebda.pl\/sklep\/wp-json\/wp\/v2\/types\/product"}],"replies":[{"embeddable":true,"href":"https:\/\/klaudynahebda.pl\/sklep\/wp-json\/wp\/v2\/comments?post=253870"}],"wp:featuredmedia":[{"embeddable":true,"href":"https:\/\/klaudynahebda.pl\/sklep\/wp-json\/wp\/v2\/media\/3209681"}],"wp:attachment":[{"href":"https:\/\/klaudynahebda.pl\/sklep\/wp-json\/wp\/v2\/media?parent=253870"}],"wp:term":[{"taxonomy":"product_cat","embeddable":true,"href":"https:\/\/klaudynahebda.pl\/sklep\/wp-json\/wp\/v2\/product_cat?post=253870"},{"taxonomy":"product_tag","embeddable":true,"href":"https:\/\/klaudynahebda.pl\/sklep\/wp-json\/wp\/v2\/product_tag?post=253870"}],"curies":[{"name":"wp","href":"https:\/\/api.w.org\/{rel}","templated":true}]}}